{"id":10,"date":"2022-02-02T14:19:22","date_gmt":"2022-02-02T14:19:22","guid":{"rendered":"https:\/\/www.cucinagambaro.it\/?page_id=10"},"modified":"2026-07-30T10:17:07","modified_gmt":"2026-07-30T10:17:07","slug":"home","status":"publish","type":"page","link":"https:\/\/www.cucinagambaro.it\/","title":{"rendered":"Home"},"content":{"rendered":"<p>[et_pb_section fb_built=&#8221;1&#8243; custom_padding_last_edited=&#8221;on|phone&#8221; module_id=&#8221;chi-siamo&#8221; _builder_version=&#8221;4.16&#8243; _module_preset=&#8221;default&#8221; module_alignment=&#8221;center&#8221; custom_padding=&#8221;||0px||false|false&#8221; custom_padding_tablet=&#8221;||0px||false|false&#8221; custom_padding_phone=&#8221;0px||0px||false|false&#8221; global_colors_info=&#8221;{}&#8221;][et_pb_row _builder_version=&#8221;4.16&#8243; _module_preset=&#8221;default&#8221; width=&#8221;100%&#8221; module_alignment=&#8221;center&#8221; custom_padding=&#8221;50px||||false|false&#8221; global_colors_info=&#8221;{}&#8221;][et_pb_column type=&#8221;4_4&#8243; _builder_version=&#8221;4.16&#8243; _module_preset=&#8221;default&#8221; global_colors_info=&#8221;{}&#8221;][et_pb_text _builder_version=&#8221;4.16&#8243; _module_preset=&#8221;default&#8221; header_text_color=&#8221;#939598&#8243; header_font_size=&#8221;75px&#8221; header_2_text_color=&#8221;#939598&#8243; header_2_font_size=&#8221;75px&#8221; text_orientation=&#8221;center&#8221; header_font_size_tablet=&#8221;75px&#8221; header_font_size_phone=&#8221;40px&#8221; header_font_size_last_edited=&#8221;on|phone&#8221; global_colors_info=&#8221;{}&#8221;]<\/p>\n<h1>CHI SIAMo<\/h1>\n<p>[\/et_pb_text][et_pb_text _builder_version=&#8221;4.16&#8243; _module_preset=&#8221;default&#8221; text_text_color=&#8221;#939598&#8243; text_font_size=&#8221;28px&#8221; text_line_height=&#8221;1.8em&#8221; text_orientation=&#8221;center&#8221; custom_padding=&#8221;|5%||5%|false|false&#8221; text_font_size_tablet=&#8221;35px&#8221; text_font_size_phone=&#8221;22px&#8221; text_font_size_last_edited=&#8221;on|phone&#8221; global_colors_info=&#8221;{}&#8221;]<\/p>\n<p>A pochi passi dal bellissimo Santuario di Vicoforte,<br \/>Cucina Gambaro, grazie alle sapienti mani dello chef Daniele in cucina e di Alessandra in sala,<br \/>propone i piatti di una volta, rivisitandoli in chiave moderna e fantasiosa<br \/>e scegliendo le materie prime con rigore e passione.<\/p>\n<p>[\/et_pb_text][\/et_pb_column][\/et_pb_row][et_pb_row _builder_version=&#8221;4.16&#8243; _module_preset=&#8221;default&#8221; width=&#8221;100%&#8221; width_tablet=&#8221;&#8221; width_phone=&#8221;100%&#8221; width_last_edited=&#8221;on|phone&#8221; custom_padding=&#8221;||0px||false|false&#8221; global_colors_info=&#8221;{}&#8221;][et_pb_column type=&#8221;4_4&#8243; _builder_version=&#8221;4.16&#8243; _module_preset=&#8221;default&#8221; global_colors_info=&#8221;{}&#8221;][et_pb_image src=&#8221;https:\/\/www.cucinagambaro.it\/wp-content\/uploads\/2022\/02\/chi-siamo.jpg&#8221; title_text=&#8221;chi-siamo&#8221; force_fullwidth=&#8221;on&#8221; _builder_version=&#8221;4.16&#8243; _module_preset=&#8221;default&#8221; global_colors_info=&#8221;{}&#8221;][\/et_pb_image][\/et_pb_column][\/et_pb_row][\/et_pb_section][et_pb_section fb_built=&#8221;1&#8243; custom_padding_last_edited=&#8221;on|phone&#8221; module_id=&#8221;menu&#8221; _builder_version=&#8221;4.16&#8243; _module_preset=&#8221;default&#8221; module_alignment=&#8221;right&#8221; custom_padding=&#8221;||0px||false|false&#8221; custom_padding_tablet=&#8221;||0px||false|false&#8221; custom_padding_phone=&#8221;0px||0px||false|false&#8221; global_colors_info=&#8221;{}&#8221;][et_pb_row custom_padding_last_edited=&#8221;on|phone&#8221; _builder_version=&#8221;4.16&#8243; _module_preset=&#8221;default&#8221; module_alignment=&#8221;center&#8221; custom_padding_tablet=&#8221;&#8221; custom_padding_phone=&#8221;50px||||false|false&#8221; global_colors_info=&#8221;{}&#8221;][et_pb_column type=&#8221;4_4&#8243; _builder_version=&#8221;4.16&#8243; _module_preset=&#8221;default&#8221; global_colors_info=&#8221;{}&#8221;][et_pb_text _builder_version=&#8221;4.16&#8243; _module_preset=&#8221;default&#8221; header_text_color=&#8221;#939598&#8243; header_font_size=&#8221;75px&#8221; header_2_text_color=&#8221;#939598&#8243; header_2_font_size=&#8221;75px&#8221; text_orientation=&#8221;center&#8221; header_2_font_size_tablet=&#8221;75px&#8221; header_2_font_size_phone=&#8221;40px&#8221; header_2_font_size_last_edited=&#8221;on|phone&#8221; global_colors_info=&#8221;{}&#8221;]<\/p>\n<h2>IL NOSTRO MEN\u00f9<\/h2>\n<p>[\/et_pb_text][et_pb_text disabled_on=&#8221;on|off|off&#8221; _builder_version=&#8221;4.16&#8243; _module_preset=&#8221;default&#8221; text_text_color=&#8221;#939598&#8243; text_font_size=&#8221;28px&#8221; text_line_height=&#8221;1.8em&#8221; header_3_text_color=&#8221;#939598&#8243; header_3_font_size=&#8221;40px&#8221; global_colors_info=&#8221;{}&#8221;]<\/p>\n<h3>ANTIPASTi\u00a0<\/h3>\n<p>\u00a0TROTA SALMONATA AFFUMICATA, MOSCATO, PESCA NOCE, NOCCIOLE, STRACCIATELLA- <span style=\"color: #ae1916;\">\u20ac 15<\/span><\/p>\n<p>BACCAL\u00c0 MANTECATO ALL\u2019 EXTRA VERGINE, SALSA VERDE, PANIZZA FRITTA &#8211; <span style=\"color: #ae1916;\">\u20ac 1 4<\/span><\/p>\n<p>FAGOTTINO CROCCANTE AL SESAMO CON MIRTILLI E RASCHERA &#8211; <span style=\"color: #ae1916;\">\u20ac 10<\/span><\/p>\n<p>SPECK ARTIGIANALE, MIELE ALLA CANNELLA, FOCACCINE AL FORMAGGIO FRITTE &#8211; <span style=\"color: #ae1916;\">\u20ac 10<\/span><\/p>\n<p>[\/et_pb_text][et_pb_text disabled_on=&#8221;off|on|on&#8221; _builder_version=&#8221;4.16&#8243; _module_preset=&#8221;default&#8221; text_text_color=&#8221;#939598&#8243; text_font_size=&#8221;22px&#8221; text_line_height=&#8221;1.8em&#8221; header_3_text_color=&#8221;#939598&#8243; header_3_font_size=&#8221;30px&#8221; text_orientation=&#8221;center&#8221; custom_padding=&#8221;||||false|false&#8221; global_colors_info=&#8221;{}&#8221;]<\/p>\n<h3>ANTIPASTi<\/h3>\n<p>&nbsp;<\/p>\n<p>&nbsp;<\/p>\n<p><span>TROTA SALMONATA AFFUMICATA, MOSCATO, PESCA NOCE, NOCCIOLE, STRACCIATELLA\u00a0<\/span><\/p>\n<p><span style=\"color: #ae1916;\">\u20ac 15<\/span><\/p>\n<p>BACCAL\u00c0 MANTECATO ALL\u2019 EXTRA VERGINE, SALSA VERDE, PANIZZA FRITTA<br \/><span style=\"color: #ae1916;\">\u20ac 1 4<\/span><\/p>\n<p>FAGOTTINO CROCCANTE AL SESAMO CON MIRTILLI E RASCHERA<\/p>\n<p><span style=\"color: #ae1916;\">\u20ac 10<\/span><\/p>\n<p>SPECK ARTIGIANALE, MIELE ALLA CANNELLA, FOCACCINE AL FORMAGGIO FRITTE<br \/><span style=\"color: #ae1916;\">\u20ac 10<\/span><\/p>\n<p>[\/et_pb_text][\/et_pb_column][\/et_pb_row][et_pb_row _builder_version=&#8221;4.16&#8243; _module_preset=&#8221;default&#8221; width=&#8221;100%&#8221; width_tablet=&#8221;&#8221; width_phone=&#8221;100%&#8221; width_last_edited=&#8221;on|phone&#8221; custom_padding=&#8221;||0px||false|false&#8221; global_colors_info=&#8221;{}&#8221; width__hover_enabled=&#8221;off|desktop&#8221;][et_pb_column type=&#8221;4_4&#8243; _builder_version=&#8221;4.16&#8243; _module_preset=&#8221;default&#8221; global_colors_info=&#8221;{}&#8221;][et_pb_image src=&#8221;https:\/\/www.cucinagambaro.it\/wp-content\/uploads\/2022\/02\/antipasti.jpg&#8221; title_text=&#8221;antipasti&#8221; force_fullwidth=&#8221;on&#8221; _builder_version=&#8221;4.27.4&#8243; _module_preset=&#8221;default&#8221; global_colors_info=&#8221;{}&#8221;][\/et_pb_image][\/et_pb_column][\/et_pb_row][et_pb_row _builder_version=&#8221;4.16&#8243; _module_preset=&#8221;default&#8221; module_alignment=&#8221;center&#8221; custom_padding=&#8221;50px||||false|false&#8221; global_colors_info=&#8221;{}&#8221;][et_pb_column type=&#8221;4_4&#8243; _builder_version=&#8221;4.16&#8243; _module_preset=&#8221;default&#8221; global_colors_info=&#8221;{}&#8221;][et_pb_text disabled_on=&#8221;on|off|off&#8221; _builder_version=&#8221;4.16&#8243; _module_preset=&#8221;default&#8221; text_text_color=&#8221;#939598&#8243; text_font_size=&#8221;28px&#8221; text_line_height=&#8221;1.8em&#8221; header_3_text_color=&#8221;#939598&#8243; header_3_font_size=&#8221;40px&#8221; text_orientation=&#8221;right&#8221; global_colors_info=&#8221;{}&#8221;]<\/p>\n<h3>PRIMI PIATTi<\/h3>\n<p>&nbsp;<\/p>\n<p>SPAGHETTI ALLA CHITARRA, AGLIO, OLIO, PEPERONCINO, VONGOLE, BOTTARGA DI TROTA AFFUMICATA &#8211; <span style=\"color: #ae1916;\">\u20ac 20<\/span><\/p>\n<p>ARANCINO DI RISO, NERO DI SEPPIA POLPO, GUAZZETTO DI MARE \u00a0&#8211; <span style=\"color: #ae1916;\">\u20ac 20<\/span><\/p>\n<p><span style=\"font-size: 28px; background-color: #ffffff;\">-TROFIE (non trofiette) DI CASTEGNE AL CUCCHIAIO, PESTO GENOVESE, \u00a0QUAGLIATA DI LATTE &#8211; <\/span><span style=\"font-size: 28px; color: #ae1916;\">\u20ac 15<\/span><\/p>\n<p><span style=\"font-size: 28px; background-color: #ffffff;\">GNUDI DI RICOTTA E LIMONE, CREMA DI POMODORI SECCHI, PANE CROCCANTE ALL&#8217;ACCIUGA &#8211; <\/span><span style=\"font-size: 28px; color: #ae1916;\">\u20ac 14<\/span><\/p>\n<p>GNOCCHI DI PATATE AL CACAO, CREMA DI GRANA, NOCCIOLE PIEMONTE, TARTUFO NERO &#8211; <span style=\"color: #ae1916;\">\u20ac 20<\/span><\/p>\n<p>[\/et_pb_text][et_pb_text disabled_on=&#8221;off|on|on&#8221; _builder_version=&#8221;4.16&#8243; _module_preset=&#8221;default&#8221; text_text_color=&#8221;#939598&#8243; text_font_size=&#8221;22px&#8221; text_line_height=&#8221;1.8em&#8221; header_3_text_color=&#8221;#939598&#8243; header_3_font_size=&#8221;30px&#8221; text_orientation=&#8221;center&#8221; global_colors_info=&#8221;{}&#8221;]<\/p>\n<h3>PRIMI PIATTi<\/h3>\n<p>&nbsp;<\/p>\n<p>SPAGHETTI ALLA CHITARRA AGLIO OLIO PEPERONCINO, VONGOLE, BOTTARGA DI TROTA AFFUMICATA<\/p>\n<p><span style=\"color: #ae1916;\">\u20ac 20<\/span><\/p>\n<p><span style=\"font-size: 22px; background-color: #ffffff;\">\u201c ARANCINO \u00a0DI RISO, NERO DI SEPPIA,POLPO, GUAZZETTO DI MARE<\/span><\/p>\n<p><span style=\"color: #ae1916; font-size: 22px;\">\u20ac 20<\/span><\/p>\n<p>-TROFIE (non trofiette) DI CASTAGNE AL CUCCHIAIO, PESTO GENOVESE, \u00a0QUAGLIATA DI LATTE\u00a0<br \/><span style=\"color: #ae1916;\">\u20ac 14<\/span><\/p>\n<p>\u201c GNUDI DI RICOTTA E LIMONE, CREMA DI POMODORI SECCHI, PANE CROCCANTE ALL&#8217; ACCIUGA<br \/><span style=\"color: #ae1916;\">\u20ac 14<\/span><\/p>\n<p>GNOCCHI DI PATATE AL CACAO&#8217; CREMA DI GRANA,, \u00a0NOCCIOLE PIEMONTE,, TARTUFO NERO<br \/><span style=\"color: #ae1916;\">\u20ac 20<\/span><\/p>\n<p>[\/et_pb_text][\/et_pb_column][\/et_pb_row][et_pb_row _builder_version=&#8221;4.16&#8243; _module_preset=&#8221;default&#8221; width=&#8221;100%&#8221; width_tablet=&#8221;&#8221; width_phone=&#8221;100%&#8221; width_last_edited=&#8221;on|phone&#8221; custom_padding=&#8221;||0px||false|false&#8221; global_colors_info=&#8221;{}&#8221;][et_pb_column type=&#8221;4_4&#8243; _builder_version=&#8221;4.16&#8243; _module_preset=&#8221;default&#8221; global_colors_info=&#8221;{}&#8221;][et_pb_image src=&#8221;https:\/\/www.cucinagambaro.it\/wp-content\/uploads\/2022\/02\/primi.jpg&#8221; title_text=&#8221;primi&#8221; force_fullwidth=&#8221;on&#8221; _builder_version=&#8221;4.16&#8243; _module_preset=&#8221;default&#8221; global_colors_info=&#8221;{}&#8221;][\/et_pb_image][\/et_pb_column][\/et_pb_row][et_pb_row _builder_version=&#8221;4.16&#8243; _module_preset=&#8221;default&#8221; module_alignment=&#8221;center&#8221; custom_margin=&#8221;|auto||284px||&#8221; custom_padding=&#8221;50px|||6px|false|false&#8221; global_colors_info=&#8221;{}&#8221;][et_pb_column type=&#8221;4_4&#8243; _builder_version=&#8221;4.16&#8243; _module_preset=&#8221;default&#8221; global_colors_info=&#8221;{}&#8221;][et_pb_text disabled_on=&#8221;on|off|off&#8221; _builder_version=&#8221;4.16&#8243; _module_preset=&#8221;default&#8221; text_text_color=&#8221;#939598&#8243; text_font_size=&#8221;28px&#8221; text_line_height=&#8221;1.8em&#8221; header_3_text_color=&#8221;#939598&#8243; header_3_font_size=&#8221;40px&#8221; global_colors_info=&#8221;{}&#8221;]<\/p>\n<h3>\u00a0SECONDI PIATTi<\/h3>\n<p>&nbsp;<\/p>\n<p>\u00a0SCORFANO DORATO, LIMONE E SALVIA FRITTI , MAIONESE ALL\u2019 AGLIO \u00a0<span style=\"color: #ae1916;\">&#8211; \u20ac 20<\/span><\/p>\n<p>FILETTO DI SPIGOLA \u00a0IN CROSTA DI NOCI, \u00a0CREMA DI PAPPA AL POMODORO, FUNGHI CARDONCELLI &#8211; <span style=\"color: #ae1916;\">\u20ac 22<\/span><\/p>\n<p>STRACOTTO DI MANZO NEL LATTE E \u00a0CAFF\u00c8, GOCCE DI FRUTTI ROSSI, CORNETTO ALLE ERBETTE <span style=\"color: #c41e0b;\">-\u20ac 20\u00a0<\/span><span style=\"color: #ae1916;\"><\/span><span style=\"color: #ae1916;\"><\/span><\/p>\n<p>FILETTO DI MAIALINO, SCAMORZA AFFUMICATA FILANTE, SALSA DI LIQUIRIZIA, MELE ALLA VANIGLIA &#8211; <span style=\"color: #ae1916;\">\u20ac 16<\/span><\/p>\n<p>PETTO D&#8217; ANATRA C.B.T. E ROSOLATO, AMARENE, PATATE AL BASILICO &#8211; <span style=\"color: #ae1916;\">\u20ac 20<\/span><\/p>\n<p>[\/et_pb_text][et_pb_text disabled_on=&#8221;off|on|on&#8221; _builder_version=&#8221;4.16&#8243; _module_preset=&#8221;default&#8221; text_text_color=&#8221;#939598&#8243; text_font_size=&#8221;22px&#8221; text_line_height=&#8221;1.8em&#8221; header_3_text_color=&#8221;#939598&#8243; header_3_font_size=&#8221;30px&#8221; text_orientation=&#8221;center&#8221; global_colors_info=&#8221;{}&#8221;]<\/p>\n<h3><\/h3>\n<h3>SECONDI PIATTi<\/h3>\n<p>&nbsp;<\/p>\n<p>SCORFANO DORATO,, LIMONE E SALVIA FRITTI , MAIONESE ALL\u2019 AGLIO<br \/><span style=\"color: #ae1916;\">\u20ac 20\u00a0<\/span><\/p>\n<p>FILETTO DI SPIGOLA \u00a0\u00a0IN CROSTA DI NOCI, \u00a0CREMA DI PAPPA AL POMODORO,, \u00a0FUNGHI CARDONCELLI<\/p>\n<p><span style=\"color: #ae1916;\">\u20ac 22<\/span><\/p>\n<p>STRACOTTO DI MANZO NEL LATTE E \u00a0CAFF\u00c8, GOCCE DI FRUTTI ROSSI, CORNETTO ALLE ERBETTE<\/p>\n<p><span style=\"color: #c41e0b;\">\u20ac 20<\/span><\/p>\n<p>FILETTO DI MAIALINO, SCAMORZA AFFUMICATA FILANTE, SALSA DI LIQUIRIZIA, MELE ALLA VANIGLIA<\/p>\n<p><span style=\"color: #ae1916;\">\u20ac 16<\/span><\/p>\n<p>PETTO D&#8217; ANATRA C.B.T. E ROSOLATO, AMARENE, PATATE AL BASILICO<br \/><span style=\"color: #ae1916;\">\u20ac 20<\/span><\/p>\n<p>[\/et_pb_text][\/et_pb_column][\/et_pb_row][et_pb_row _builder_version=&#8221;4.16&#8243; _module_preset=&#8221;default&#8221; width=&#8221;100%&#8221; width_tablet=&#8221;&#8221; width_phone=&#8221;100%&#8221; width_last_edited=&#8221;on|phone&#8221; custom_padding=&#8221;||0px||false|false&#8221; global_colors_info=&#8221;{}&#8221;][et_pb_column type=&#8221;4_4&#8243; _builder_version=&#8221;4.16&#8243; _module_preset=&#8221;default&#8221; global_colors_info=&#8221;{}&#8221;][et_pb_image src=&#8221;https:\/\/www.cucinagambaro.it\/wp-content\/uploads\/2022\/02\/secondi.jpg&#8221; title_text=&#8221;secondi&#8221; force_fullwidth=&#8221;on&#8221; _builder_version=&#8221;4.16&#8243; _module_preset=&#8221;default&#8221; global_colors_info=&#8221;{}&#8221;][\/et_pb_image][\/et_pb_column][\/et_pb_row][et_pb_row _builder_version=&#8221;4.16&#8243; _module_preset=&#8221;default&#8221; module_alignment=&#8221;center&#8221; custom_padding=&#8221;50px||||false|false&#8221; global_colors_info=&#8221;{}&#8221;][et_pb_column type=&#8221;4_4&#8243; _builder_version=&#8221;4.16&#8243; _module_preset=&#8221;default&#8221; global_colors_info=&#8221;{}&#8221;][et_pb_text disabled_on=&#8221;on|off|off&#8221; _builder_version=&#8221;4.16&#8243; _module_preset=&#8221;default&#8221; text_text_color=&#8221;#939598&#8243; text_font_size=&#8221;28px&#8221; text_line_height=&#8221;1.8em&#8221; header_3_text_color=&#8221;#939598&#8243; header_3_font_size=&#8221;40px&#8221; text_orientation=&#8221;right&#8221; global_colors_info=&#8221;{}&#8221;]<\/p>\n<h3>I NOSTRI DOLCI, RIGOROSAMENTE FATTI IN CASa<\/h3>\n<p>&nbsp;<\/p>\n<p>TORTINO CALDO DI CIOCCOLATO ALL\u2019 E.V.O. , PURE\u2019 DI ALBICOCCA, SALSA DI CACAO ALL\u2019ACQUA*- <span style=\"color: #ae1916;\">\u20ac 8<\/span><\/p>\n<p>CHEESE CAKE AL CUCCHIAIO, SALSA DI LAMPONE, BISCOTTO ALLE ARACHIDI SALATE &#8211; <span style=\"color: #ae1916;\">\u20ac 8<\/span><\/p>\n<p>SEMIFREDDO &#8221; NEGRONI &#8220;,GELATINA AGLI AGRUMI \u00a0 &#8211; <span style=\"color: #ae1916;\">\u20ac 8<\/span><\/p>\n<p>PANNA COTTA \u00a0ALLA VIOLETTA, PUR\u00c8 DI MIRTILLI &#8211; <span style=\"color: #ae1916;\">\u20ac 8<\/span><\/p>\n<p>[\/et_pb_text][et_pb_text disabled_on=&#8221;off|on|on&#8221; _builder_version=&#8221;4.16&#8243; _module_preset=&#8221;default&#8221; text_text_color=&#8221;#939598&#8243; text_font_size=&#8221;22px&#8221; text_line_height=&#8221;1.8em&#8221; header_3_text_color=&#8221;#939598&#8243; header_3_font_size=&#8221;30px&#8221; text_orientation=&#8221;center&#8221; global_colors_info=&#8221;{}&#8221;]<\/p>\n<h3>I NOSTRI DOLCI, RIGOROSAMENTE FATTI IN CASa<\/h3>\n<p>&nbsp;<\/p>\n<p>TORTINO CALDO DI CIOCCOLATO ALL\u2019 E.V.O. , PURE\u2019 DI ALBICOCCA, SALSA DI CACAO ALL\u2019ACQUA<br \/><span style=\"color: #ae1916;\">\u20ac 8<\/span><\/p>\n<p>CHEESE CAKE AL CUCCHIAIO, SALSA DI LAMPONE, BISCOTTO ALLE ARACHIDI SALATE<br \/><span style=\"color: #ae1916;\">\u20ac 8<\/span><\/p>\n<p>SEMIFREDDO &#8221; NEGRONI &#8220;,GELATINA AGLI AGRUMI<\/p>\n<p><span style=\"color: #ae1916;\">\u20ac 8<\/span><\/p>\n<p>PANNA COTTA ALLA VIOLETTA, PUR\u00c8 DI MIRTILLI<\/p>\n<p><span style=\"color: #ae1916;\">\u20ac 8<\/span><\/p>\n<p>[\/et_pb_text][\/et_pb_column][\/et_pb_row][et_pb_row _builder_version=&#8221;4.16&#8243; _module_preset=&#8221;default&#8221; width=&#8221;100%&#8221; width_tablet=&#8221;&#8221; width_phone=&#8221;100%&#8221; width_last_edited=&#8221;on|phone&#8221; custom_padding=&#8221;||0px||false|false&#8221; global_colors_info=&#8221;{}&#8221;][et_pb_column type=&#8221;4_4&#8243; _builder_version=&#8221;4.16&#8243; _module_preset=&#8221;default&#8221; global_colors_info=&#8221;{}&#8221;][et_pb_image src=&#8221;https:\/\/www.cucinagambaro.it\/wp-content\/uploads\/2022\/02\/dolci.jpg&#8221; title_text=&#8221;dolci&#8221; force_fullwidth=&#8221;on&#8221; _builder_version=&#8221;4.16&#8243; _module_preset=&#8221;default&#8221; global_colors_info=&#8221;{}&#8221;][\/et_pb_image][\/et_pb_column][\/et_pb_row][et_pb_row disabled_on=&#8221;off|off|off&#8221; _builder_version=&#8221;4.17.1&#8243; _module_preset=&#8221;default&#8221; module_alignment=&#8221;center&#8221; custom_padding=&#8221;50px||||false|false&#8221; global_colors_info=&#8221;{}&#8221;][et_pb_column type=&#8221;4_4&#8243; _builder_version=&#8221;4.16&#8243; _module_preset=&#8221;default&#8221; global_colors_info=&#8221;{}&#8221;][et_pb_text _builder_version=&#8221;4.16&#8243; _module_preset=&#8221;default&#8221; header_text_color=&#8221;#939598&#8243; header_font_size=&#8221;75px&#8221; header_2_text_color=&#8221;#939598&#8243; header_2_font_size=&#8221;75px&#8221; text_orientation=&#8221;center&#8221; header_2_font_size_tablet=&#8221;75px&#8221; header_2_font_size_phone=&#8221;40px&#8221; header_2_font_size_last_edited=&#8221;on|phone&#8221; global_colors_info=&#8221;{}&#8221;]<\/p>\n<h2>MENU&#8217; DESGUSTAZIONe<\/h2>\n<p>[\/et_pb_text][et_pb_text _builder_version=&#8221;4.16&#8243; _module_preset=&#8221;default&#8221; text_text_color=&#8221;#939598&#8243; text_font_size=&#8221;28px&#8221; text_line_height=&#8221;1.8em&#8221; text_orientation=&#8221;center&#8221; text_font_size_tablet=&#8221;35px&#8221; text_font_size_phone=&#8221;22px&#8221; text_font_size_last_edited=&#8221;on|phone&#8221; global_colors_info=&#8221;{}&#8221;]<\/p>\n<p>Servito per l\u2019 intero tavolo e non divisibile.<br \/>Un percorso che comprende uno stuzzichino di benvenuto e quattro portate che raccontano<br \/>le nostre esperienze, emozioni e contaminazioni culinarie.<br \/>Chiedete ad Alessandra la proposta del momento, o comunicatele eventuali allergie e ingredienti non graditi\u2026 e<br \/>fatevi sorprendere dalla Cucina.<br \/><span style=\"color: #ae1916;\">45 \u20ac bevande escluse<\/span><\/p>\n<p>[\/et_pb_text][\/et_pb_column][\/et_pb_row][et_pb_row disabled_on=&#8221;on|on|on&#8221; _builder_version=&#8221;4.17.4&#8243; _module_preset=&#8221;default&#8221; custom_margin=&#8221;50px||||false|false&#8221; custom_margin_tablet=&#8221;50px||||false|false&#8221; custom_margin_phone=&#8221;0px||||false|false&#8221; custom_margin_last_edited=&#8221;on|phone&#8221; disabled=&#8221;on&#8221; global_colors_info=&#8221;{}&#8221;][et_pb_column type=&#8221;4_4&#8243; _builder_version=&#8221;4.16&#8243; _module_preset=&#8221;default&#8221; global_colors_info=&#8221;{}&#8221;][et_pb_button button_url=&#8221;https:\/\/www.cucinagambaro.it\/wp-content\/uploads\/2022\/02\/MENU-1\u00b0CUCINA-GAMBARO.pdf&#8221; url_new_window=&#8221;on&#8221; button_text=&#8221;SCARICA MENU&#8217; COMPLETo&#8221; button_alignment=&#8221;center&#8221; _builder_version=&#8221;4.16&#8243; _module_preset=&#8221;default&#8221; custom_button=&#8221;on&#8221; button_text_size=&#8221;28px&#8221; button_text_color=&#8221;#939598&#8243; button_icon=&#8221;&#xe092;||divi||400&#8243; button_on_hover=&#8221;off&#8221; button_text_size_tablet=&#8221;30px&#8221; button_text_size_phone=&#8221;22px&#8221; button_text_size_last_edited=&#8221;on|phone&#8221; global_colors_info=&#8221;{}&#8221;][\/et_pb_button][\/et_pb_column][\/et_pb_row][et_pb_row disabled_on=&#8221;off|off|off&#8221; _builder_version=&#8221;4.17.1&#8243; _module_preset=&#8221;default&#8221; module_alignment=&#8221;center&#8221; custom_padding=&#8221;50px||||false|false&#8221; custom_css_main_element=&#8221;display:none;&#8221; global_colors_info=&#8221;{}&#8221;][et_pb_column type=&#8221;4_4&#8243; _builder_version=&#8221;4.16&#8243; _module_preset=&#8221;default&#8221; global_colors_info=&#8221;{}&#8221;][et_pb_text _builder_version=&#8221;4.16&#8243; _module_preset=&#8221;default&#8221; header_text_color=&#8221;#939598&#8243; header_font_size=&#8221;75px&#8221; header_2_text_color=&#8221;#939598&#8243; header_2_font_size=&#8221;75px&#8221; text_orientation=&#8221;center&#8221; header_2_font_size_tablet=&#8221;75px&#8221; header_2_font_size_phone=&#8221;40px&#8221; header_2_font_size_last_edited=&#8221;on|phone&#8221; global_colors_info=&#8221;{}&#8221;]<\/p>\n<h2>MENU&#8217; DI PASQUA E PASQUETTa<\/h2>\n<p>[\/et_pb_text][et_pb_text _builder_version=&#8221;4.16&#8243; _module_preset=&#8221;default&#8221; text_text_color=&#8221;#939598&#8243; text_font_size=&#8221;28px&#8221; text_line_height=&#8221;1.8em&#8221; text_orientation=&#8221;center&#8221; text_font_size_tablet=&#8221;35px&#8221; text_font_size_phone=&#8221;22px&#8221; text_font_size_last_edited=&#8221;on|phone&#8221; global_colors_info=&#8221;{}&#8221;]<\/p>\n<p>ANTIPASTI<\/p>\n<p>Guanciale affumicato, miele d&#8217;arancio, focaccina al formaggio fritta<\/p>\n<p>La torta pasqualina<\/p>\n<p>Cappon magro<\/p>\n<p>PRIMI<\/p>\n<p>Arancino di riso al nero di seppia, ripieno di polpo, guazzetto di mare<\/p>\n<p>Gnocchetti di patate al cacao, ragu bianco di fagiano, crema di grana, tartufo nero<\/p>\n<p>SECONDO<\/p>\n<p>Scamone d&#8217;agnello, filetto di maiale e carciofi dorati, maionese all&#8217;aglio, yogurt alla menta<\/p>\n<p>DOLCE<\/p>\n<p>Pastiera 2.0<\/p>\n<p><span style=\"color: #ae1916;\">60\u20ac bevande escluse<\/span><\/p>\n<p><span style=\"color: #ae1916;\">Se avete esigenze diverse siete pregati di comunicarlo e accordarsi con noi al momento della prenotazione.<\/span><\/p>\n<p>[\/et_pb_text][\/et_pb_column][\/et_pb_row][et_pb_row _builder_version=&#8221;4.16&#8243; _module_preset=&#8221;default&#8221; width=&#8221;100%&#8221; width_tablet=&#8221;&#8221; width_phone=&#8221;100%&#8221; width_last_edited=&#8221;on|phone&#8221; custom_padding=&#8221;||0px||false|false&#8221; global_colors_info=&#8221;{}&#8221;][et_pb_column type=&#8221;4_4&#8243; _builder_version=&#8221;4.16&#8243; _module_preset=&#8221;default&#8221; global_colors_info=&#8221;{}&#8221;][et_pb_image src=&#8221;https:\/\/www.cucinagambaro.it\/wp-content\/uploads\/2022\/02\/menu-degustazione.jpg&#8221; title_text=&#8221;menu-degustazione&#8221; force_fullwidth=&#8221;on&#8221; _builder_version=&#8221;4.16&#8243; _module_preset=&#8221;default&#8221; global_colors_info=&#8221;{}&#8221;][\/et_pb_image][\/et_pb_column][\/et_pb_row][\/et_pb_section][et_pb_section fb_built=&#8221;1&#8243; module_id=&#8221;dicono-di-noi&#8221; _builder_version=&#8221;4.16&#8243; _module_preset=&#8221;default&#8221; module_alignment=&#8221;right&#8221; global_colors_info=&#8221;{}&#8221;][et_pb_row _builder_version=&#8221;4.16&#8243; _module_preset=&#8221;default&#8221; module_alignment=&#8221;center&#8221; global_colors_info=&#8221;{}&#8221;][et_pb_column type=&#8221;4_4&#8243; _builder_version=&#8221;4.16&#8243; _module_preset=&#8221;default&#8221; global_colors_info=&#8221;{}&#8221;][et_pb_text _builder_version=&#8221;4.16&#8243; _module_preset=&#8221;default&#8221; header_font_size=&#8221;75px&#8221; header_2_text_color=&#8221;#939598&#8243; header_2_font_size=&#8221;75px&#8221; text_orientation=&#8221;center&#8221; header_2_font_size_tablet=&#8221;75px&#8221; header_2_font_size_phone=&#8221;40px&#8221; header_2_font_size_last_edited=&#8221;on|phone&#8221; global_colors_info=&#8221;{}&#8221;]<\/p>\n<h2>DICONO DI NOi<\/h2>\n<p>[\/et_pb_text][et_pb_text _builder_version=&#8221;4.16&#8243; _module_preset=&#8221;default&#8221; text_text_color=&#8221;#939598&#8243; text_font_size=&#8221;28px&#8221; text_line_height=&#8221;1.8em&#8221; text_orientation=&#8221;center&#8221; text_font_size_tablet=&#8221;35px&#8221; text_font_size_phone=&#8221;22px&#8221; text_font_size_last_edited=&#8221;on|phone&#8221; global_colors_info=&#8221;{}&#8221;]<\/p>\n<p>\u201cCucina Gambaro\u201d \u00e8 la novit\u00e0 gourmet del 2022.\u00a0<br \/>Lo chef Daniele Gambaro da Mondov\u00ec si \u00e8 trasferito proponendo piatti nuovi, ma sempre di grande qualit\u00e0, serviti con grande professionalit\u00e0 dalla moglie Alessandra.<\/p>\n<p>Leggi <span style=\"text-decoration: underline; color: #999999;\"><span><a href=\"https:\/\/www.traveleat.it\/2022\/01\/12\/leggi-notizia\/argomenti\/ristoranti\/articolo\/vicoforte-cn-cucina-gambaro-e-la-novita-gourmet-in-anteprime-il-nuovo-menu.html\" target=\"_blank\" rel=\"noopener\" style=\"color: #999999; text-decoration: underline;\">l&#8217;articolo completo<\/a><\/span><\/span> su Traveleat.it<\/p>\n<p>[\/et_pb_text][\/et_pb_column][\/et_pb_row][et_pb_row _builder_version=&#8221;4.16&#8243; _module_preset=&#8221;default&#8221; width=&#8221;100%&#8221; width_tablet=&#8221;&#8221; width_phone=&#8221;100%&#8221; width_last_edited=&#8221;on|phone&#8221; custom_padding=&#8221;||0px||false|false&#8221; global_colors_info=&#8221;{}&#8221;][et_pb_column type=&#8221;4_4&#8243; _builder_version=&#8221;4.16&#8243; _module_preset=&#8221;default&#8221; global_colors_info=&#8221;{}&#8221;][et_pb_image src=&#8221;https:\/\/www.cucinagambaro.it\/wp-content\/uploads\/2022\/02\/dicono-di-noi.jpg&#8221; title_text=&#8221;dicono-di-noi&#8221; force_fullwidth=&#8221;on&#8221; _builder_version=&#8221;4.16&#8243; _module_preset=&#8221;default&#8221; global_colors_info=&#8221;{}&#8221;][\/et_pb_image][\/et_pb_column][\/et_pb_row][\/et_pb_section]<\/p>\n","protected":false},"excerpt":{"rendered":"<p>CHI SIAMoA pochi passi dal bellissimo Santuario di Vicoforte,Cucina Gambaro, grazie alle sapienti mani dello chef Daniele in cucina e di Alessandra in sala,propone i piatti di una volta, rivisitandoli in chiave moderna e fantasiosae scegliendo le materie prime con rigore e passione.IL NOSTRO MEN\u00f9ANTIPASTi\u00a0 \u00a0TROTA SALMONATA AFFUMICATA, MOSCATO, PESCA NOCE, NOCCIOLE, STRACCIATELLA- \u20ac 15 [&hellip;]<\/p>\n","protected":false},"author":2,"featured_media":0,"parent":0,"menu_order":0,"comment_status":"closed","ping_status":"closed","template":"","meta":{"_et_pb_use_builder":"on","_et_pb_old_content":"<!-- wp:divi\/placeholder \/-->","_et_gb_content_width":"","footnotes":""},"class_list":["post-10","page","type-page","status-publish","hentry"],"_links":{"self":[{"href":"https:\/\/www.cucinagambaro.it\/index.php?rest_route=\/wp\/v2\/pages\/10","targetHints":{"allow":["GET"]}}],"collection":[{"href":"https:\/\/www.cucinagambaro.it\/index.php?rest_route=\/wp\/v2\/pages"}],"about":[{"href":"https:\/\/www.cucinagambaro.it\/index.php?rest_route=\/wp\/v2\/types\/page"}],"author":[{"embeddable":true,"href":"https:\/\/www.cucinagambaro.it\/index.php?rest_route=\/wp\/v2\/users\/2"}],"replies":[{"embeddable":true,"href":"https:\/\/www.cucinagambaro.it\/index.php?rest_route=%2Fwp%2Fv2%2Fcomments&post=10"}],"version-history":[{"count":89,"href":"https:\/\/www.cucinagambaro.it\/index.php?rest_route=\/wp\/v2\/pages\/10\/revisions"}],"predecessor-version":[{"id":594,"href":"https:\/\/www.cucinagambaro.it\/index.php?rest_route=\/wp\/v2\/pages\/10\/revisions\/594"}],"wp:attachment":[{"href":"https:\/\/www.cucinagambaro.it\/index.php?rest_route=%2Fwp%2Fv2%2Fmedia&parent=10"}],"curies":[{"name":"wp","href":"https:\/\/api.w.org\/{rel}","templated":true}]}}